{"id":76,"date":"2020-01-13T13:03:15","date_gmt":"2020-01-13T13:03:15","guid":{"rendered":"https:\/\/www.zeig-dich-tour.de\/?page_id=76"},"modified":"2022-01-28T08:26:54","modified_gmt":"2022-01-28T08:26:54","slug":"impressum","status":"publish","type":"page","link":"https:\/\/www.zeig-dich-tour.de\/?page_id=76","title":{"rendered":"Impressum"},"content":{"rendered":"<h4><strong>Anbieter<\/strong><\/h4>\n<p>Industrie- und Handelskammer zu Coburg<br>Schlo\u00dfplatz 5<br>96450 Coburg<br>Tel.: 09561 7426-0<br>Fax: 09561 7426-50<br>E-Mail:&nbsp;<a title=\"ihk@coburg.ihk.de\" href=\"mailto:ihk@coburg.ihk.de\">ihk<\/a><a>@coburg.ihk.de<\/a><br>De-Mail:&nbsp;<a title=\"info@ihk-coburg.de-mail.de\" href=\"mailto:info@ihk-coburg.de-mail.de\">info@ihk-coburg.de-mail.de<\/a><br>Rechtsform: K\u00f6rperschaft des \u00f6ffentlichen Rechts<\/p>\n\n\n<p><\/p>\n\n\n<div class=\"content-cols clearfix col-1 colindex-1\">\n<div class=\"col\">\n<div class=\"contents\">\n<h4><strong>Vertretungsberechtigte<\/strong><\/h4>\n<p>Der Pr\u00e4sident und der Hauptgesch\u00e4ftsf\u00fchrer vertreten die Industrie- und Handelskammer zu Coburg rechtsgesch\u00e4ftlich und gesetzlich (\u00a7 7 Absatz 2 IHK-Gesetz in Verbindung mit \u00a7 10 Absatz 1 der Satzung der Industrie- und Handelskammer zu Coburg).<\/p>\n<\/div>\n<\/div>\n<\/div>\n<div class=\"col\">\n<div class=\"contents\">\n<p><strong>Pr\u00e4sident:<\/strong><br \/>Dr. Andreas Engel<br \/>Schlo\u00dfplatz 5<br \/>96450 Coburg<br \/>Tel.: 09561 7426-0<br \/>Fax: 09561 7426-50<br \/>E-Mail:\u00a0<a>ihk@coburg.ihk.de<\/a><\/p>\n<\/div>\n<\/div>\n<p><strong>Hauptgesch\u00e4ftsf\u00fchrer:<\/strong><br \/>Siegmar Schnabel<br \/>Schlo\u00dfplatz 5<br \/>96450 Coburg<br \/>Tel.: 09561 7426-0<br \/>Fax: 09561 7426-50<br \/>E-Mail:\u00a0<a>ihk@coburg.ihk.de<\/a><\/p>\n\n\n<hr class=\"wp-block-separator\"\/>\n\n\n<div class=\"col\">\n<div class=\"contents\">\n<p><strong>Aufsichtsbeh\u00f6rde<\/strong><br \/>Bayerisches Staatsministerium f\u00fcr Wirt-<br \/>schaft, Landesentwicklung und Energie<br \/>Prinzregentenstra\u00dfe 28<br \/>80538 M\u00fcnchen<br \/><a href=\"http:\/\/www.stmwi.bayern.de\/\" target=\"_blank\" rel=\"noopener noreferrer\">www.stmwi.bayern.de<\/a><\/p>\n<\/div>\n<\/div>\n<div class=\"col\">\n<div class=\"contents\">\n<p><strong>Verantwortlich f\u00fcr den Inhalt<\/strong><br \/>Industrie- und Handelskammer zu Coburg<br \/>Hauptgesch\u00e4ftsf\u00fchrer Siegmar Schnabel<br \/>Tel.: 09561 7426-0<br \/>Fax: 09561 7426-50<br \/>E-Mail:\u00a0<a href=\"mailto:ihk@coburg.ihk.de\">ihk@coburg.ihk.de<\/a><\/p>\n<\/div>\n<\/div>\n\n\n<p><\/p>\n","protected":false},"excerpt":{"rendered":"<p>Anbieter Industrie- und Handelskammer zu CoburgSchlo\u00dfplatz 596450 CoburgTel.: 09561 7426-0Fax: 09561 7426-50E-Mail:&nbsp;ihk@coburg.ihk.deDe-Mail:&nbsp;info@ihk-coburg.de-mail.deRechtsform: K\u00f6rperschaft des \u00f6ffentlichen Rechts Vertretungsberechtigte Der Pr\u00e4sident und der Hauptgesch\u00e4ftsf\u00fchrer vertreten die Industrie- und Handelskammer zu Coburg rechtsgesch\u00e4ftlich und gesetzlich (\u00a7 7 Absatz 2 IHK-Gesetz in Verbindung mit \u00a7 10 Absatz 1 der Satzung der Industrie- und Handelskammer zu Coburg). Pr\u00e4sident:Dr. Andreas EngelSchlo\u00dfplatz [&hellip;]<\/p>\n","protected":false},"author":1,"featured_media":0,"parent":0,"menu_order":0,"comment_status":"closed","ping_status":"closed","template":"","meta":{"footnotes":""},"class_list":["post-76","page","type-page","status-publish","hentry"],"_links":{"self":[{"href":"https:\/\/www.zeig-dich-tour.de\/index.php?rest_route=\/wp\/v2\/pages\/76","targetHints":{"allow":["GET"]}}],"collection":[{"href":"https:\/\/www.zeig-dich-tour.de\/index.php?rest_route=\/wp\/v2\/pages"}],"about":[{"href":"https:\/\/www.zeig-dich-tour.de\/index.php?rest_route=\/wp\/v2\/types\/page"}],"author":[{"embeddable":true,"href":"https:\/\/www.zeig-dich-tour.de\/index.php?rest_route=\/wp\/v2\/users\/1"}],"replies":[{"embeddable":true,"href":"https:\/\/www.zeig-dich-tour.de\/index.php?rest_route=%2Fwp%2Fv2%2Fcomments&post=76"}],"version-history":[{"count":4,"href":"https:\/\/www.zeig-dich-tour.de\/index.php?rest_route=\/wp\/v2\/pages\/76\/revisions"}],"predecessor-version":[{"id":118,"href":"https:\/\/www.zeig-dich-tour.de\/index.php?rest_route=\/wp\/v2\/pages\/76\/revisions\/118"}],"wp:attachment":[{"href":"https:\/\/www.zeig-dich-tour.de\/index.php?rest_route=%2Fwp%2Fv2%2Fmedia&parent=76"}],"curies":[{"name":"wp","href":"https:\/\/api.w.org\/{rel}","templated":true}]}}